{"id":6315,"date":"2026-03-03T20:31:20","date_gmt":"2026-03-04T00:31:20","guid":{"rendered":"https:\/\/tedxamazonia.com\/donde-todo-conecta\/"},"modified":"2026-04-10T23:06:07","modified_gmt":"2026-04-11T03:06:07","slug":"donde-todo-conecta","status":"publish","type":"page","link":"https:\/\/tedxamazonia.com\/es\/donde-todo-conecta\/","title":{"rendered":"Donde todo se conecta"},"content":{"rendered":"\t\t<div data-elementor-type=\"wp-page\" data-elementor-id=\"6315\" class=\"elementor elementor-6315 elementor-6236\" data-elementor-post-type=\"page\">\n\t\t\t\t<div class=\"elementor-element elementor-element-55b0edb e-flex e-con-boxed elementor-invisible e-con e-parent\" data-id=\"55b0edb\" data-element_type=\"container\" data-e-type=\"container\" data-settings=\"{&quot;background_background&quot;:&quot;classic&quot;,&quot;animation&quot;:&quot;fadeIn&quot;}\">\n\t\t\t\t\t<div class=\"e-con-inner\">\n\t\t<div class=\"elementor-element elementor-element-758a90d e-con-full e-flex e-con e-child\" data-id=\"758a90d\" data-element_type=\"container\" data-e-type=\"container\">\n\t\t\t\t<div class=\"elementor-element elementor-element-2a37d99 elementor-invisible elementor-widget elementor-widget-heading\" data-id=\"2a37d99\" data-element_type=\"widget\" data-e-type=\"widget\" data-settings=\"{&quot;_animation&quot;:&quot;fadeInDown&quot;,&quot;_animation_delay&quot;:200}\" data-widget_type=\"heading.default\">\n\t\t\t\t<div class=\"elementor-widget-container\">\n\t\t\t\t\t<h2 class=\"elementor-heading-title elementor-size-default\">TEDxAmaz\u00f4nia 2026<\/h2>\t\t\t\t<\/div>\n\t\t\t\t<\/div>\n\t\t\t\t<div class=\"elementor-element elementor-element-a466e4c elementor-invisible elementor-widget elementor-widget-heading\" data-id=\"a466e4c\" data-element_type=\"widget\" data-e-type=\"widget\" data-settings=\"{&quot;_animation&quot;:&quot;fadeInDown&quot;,&quot;_animation_delay&quot;:400}\" data-widget_type=\"heading.default\">\n\t\t\t\t<div class=\"elementor-widget-container\">\n\t\t\t\t\t<h2 class=\"elementor-heading-title elementor-size-default\">Donde Todo Conecta<\/h2>\t\t\t\t<\/div>\n\t\t\t\t<\/div>\n\t\t\t\t<\/div>\n\t\t\t\t\t<\/div>\n\t\t\t\t<\/div>\n\t\t<div class=\"elementor-element elementor-element-75f2ffd e-flex e-con-boxed e-con e-parent\" data-id=\"75f2ffd\" data-element_type=\"container\" data-e-type=\"container\" data-settings=\"{&quot;background_background&quot;:&quot;classic&quot;,&quot;background_motion_fx_motion_fx_scrolling&quot;:&quot;yes&quot;,&quot;background_motion_fx_devices&quot;:[&quot;desktop&quot;,&quot;tablet&quot;,&quot;mobile&quot;]}\">\n\t\t\t\t\t<div class=\"e-con-inner\">\n\t\t\t\t<div class=\"elementor-element elementor-element-84faaf3 elementor-widget__width-initial elementor-widget elementor-widget-heading\" data-id=\"84faaf3\" data-element_type=\"widget\" data-e-type=\"widget\" data-widget_type=\"heading.default\">\n\t\t\t\t<div class=\"elementor-widget-container\">\n\t\t\t\t\t<h2 class=\"elementor-heading-title elementor-size-default\">Las ediciones anteriores de<br> TEDxAmaz\u00f4nia reunieron voces,<\/h2>\t\t\t\t<\/div>\n\t\t\t\t<\/div>\n\t\t\t\t<div class=\"elementor-element elementor-element-f762ecd elementor-widget__width-initial elementor-widget-mobile__width-inherit elementor-widget elementor-widget-text-editor\" data-id=\"f762ecd\" data-element_type=\"widget\" data-e-type=\"widget\" data-widget_type=\"text-editor.default\">\n\t\t\t\t<div class=\"elementor-widget-container\">\n\t\t\t\t\t\t\t\t\t<p>reconectaron ancestralidades y comenzaron a recuperar futuros posibles.<\/p><p>En 2026, este movimiento cruza fronteras. Por primera vez, el TEDxAmaz\u00f4nia traspasa Brasil y llega a Ecuador, en colaboraci\u00f3n con TEDxQuito \u2014un gesto in\u00e9dito dentro de la red global de TEDx\u2014. Es la Amazon\u00eda reconoci\u00e9ndose como territorio compartido: reunir voces de diferentes pa\u00edses de la cuenca amaz\u00f3nica en una experiencia inmersiva, donde la ciencia, la cultura, la innovaci\u00f3n y los saberes tradicionales se entrelazan.  <\/p><p><strong>Ecuador abre, por tanto, un nuevo cap\u00edtulo: mirar el sistema vivo como un todo.<\/strong><\/p>\t\t\t\t\t\t\t\t<\/div>\n\t\t\t\t<\/div>\n\t\t\t\t<div class=\"elementor-element elementor-element-52aa7f8 elementor-mobile-align-center elementor-align-left elementor-widget elementor-widget-button\" data-id=\"52aa7f8\" data-element_type=\"widget\" data-e-type=\"widget\" data-widget_type=\"button.default\">\n\t\t\t\t<div class=\"elementor-widget-container\">\n\t\t\t\t\t\t\t\t\t<div class=\"elementor-button-wrapper\">\n\t\t\t\t\t<a class=\"elementor-button elementor-button-link elementor-size-sm\" href=\"https:\/\/airtable.com\/appsg61HKoVMD180H\/shrHcN43DjtVbgMsv\">\n\t\t\t\t\t\t<span class=\"elementor-button-content-wrapper\">\n\t\t\t\t\t\t\t\t\t<span class=\"elementor-button-text\">Forme parte del p\u00fablico<\/span>\n\t\t\t\t\t<\/span>\n\t\t\t\t\t<\/a>\n\t\t\t\t<\/div>\n\t\t\t\t\t\t\t\t<\/div>\n\t\t\t\t<\/div>\n\t\t\t\t\t<\/div>\n\t\t\t\t<\/div>\n\t\t<div class=\"elementor-element elementor-element-9bb37c8 e-flex e-con-boxed e-con e-parent\" data-id=\"9bb37c8\" data-element_type=\"container\" data-e-type=\"container\" data-settings=\"{&quot;background_background&quot;:&quot;classic&quot;}\">\n\t\t\t\t\t<div class=\"e-con-inner\">\n\t\t\t\t<div class=\"elementor-element elementor-element-de4320c elementor-widget-divider--view-line elementor-invisible elementor-widget elementor-widget-divider\" data-id=\"de4320c\" data-element_type=\"widget\" data-e-type=\"widget\" data-settings=\"{&quot;_animation&quot;:&quot;zoomIn&quot;,&quot;motion_fx_motion_fx_scrolling&quot;:&quot;yes&quot;,&quot;motion_fx_devices&quot;:[&quot;desktop&quot;,&quot;tablet&quot;,&quot;mobile&quot;]}\" data-widget_type=\"divider.default\">\n\t\t\t\t<div class=\"elementor-widget-container\">\n\t\t\t\t\t\t\t<div class=\"elementor-divider\">\n\t\t\t<span class=\"elementor-divider-separator\">\n\t\t\t\t\t\t<\/span>\n\t\t<\/div>\n\t\t\t\t\t\t<\/div>\n\t\t\t\t<\/div>\n\t\t\t\t<div class=\"elementor-element elementor-element-5c5be54 elementor-widget elementor-widget-text-editor\" data-id=\"5c5be54\" data-element_type=\"widget\" data-e-type=\"widget\" data-widget_type=\"text-editor.default\">\n\t\t\t\t<div class=\"elementor-widget-container\">\n\t\t\t\t\t\t\t\t\t<p>Los r\u00edos voladores lo muestran con claridad: corrientes de vapor que distribuyen lluvia por el continente, sosteniendo ciclos de vida a escala continental. La deforestaci\u00f3n impacta en los reg\u00edmenes de lluvia. Las decisiones econ\u00f3micas reverberan en los ecosistemas. Cuando las culturas se borran, los sistemas de conocimiento tambi\u00e9n se pierden.   <\/p><p>Hoy, estos flujos est\u00e1n bajo presi\u00f3n. Partes de la Amazon\u00eda ya emiten m\u00e1s carbono del que absorben. Los r\u00edos alcanzan m\u00ednimos hist\u00f3ricos. La crisis revela la interdependencia que ignoramos durante tanto tiempo.   <\/p>\t\t\t\t\t\t\t\t<\/div>\n\t\t\t\t<\/div>\n\t\t\t\t<div class=\"elementor-element elementor-element-f1599ce elementor-widget__width-initial elementor-widget-divider--view-line elementor-widget elementor-widget-divider\" data-id=\"f1599ce\" data-element_type=\"widget\" data-e-type=\"widget\" data-widget_type=\"divider.default\">\n\t\t\t\t<div class=\"elementor-widget-container\">\n\t\t\t\t\t\t\t<div class=\"elementor-divider\">\n\t\t\t<span class=\"elementor-divider-separator\">\n\t\t\t\t\t\t<\/span>\n\t\t<\/div>\n\t\t\t\t\t\t<\/div>\n\t\t\t\t<\/div>\n\t\t\t\t<div class=\"elementor-element elementor-element-27e34ce elementor-widget-mobile__width-inherit elementor-widget elementor-widget-text-editor\" data-id=\"27e34ce\" data-element_type=\"widget\" data-e-type=\"widget\" data-widget_type=\"text-editor.default\">\n\t\t\t\t<div class=\"elementor-widget-container\">\n\t\t\t\t\t\t\t\t\t<p><span style=\"font-weight: bold;\"><span style=\"color: #eb0028;\">Por ello, esta edici\u00f3n se pregunta:<br><\/span><\/span>\u00bfc\u00f3mo vivir la interdependencia en la pr\u00e1ctica? \u00bfC\u00f3mo construir econom\u00edas que operen con los sistemas vivos? \u00bfC\u00f3mo transformar la regeneraci\u00f3n en acci\u00f3n concreta?  <\/p>\t\t\t\t\t\t\t\t<\/div>\n\t\t\t\t<\/div>\n\t\t\t\t<div class=\"elementor-element elementor-element-aa4ca64 elementor-widget elementor-widget-text-editor\" data-id=\"aa4ca64\" data-element_type=\"widget\" data-e-type=\"widget\" data-widget_type=\"text-editor.default\">\n\t\t\t\t<div class=\"elementor-widget-container\">\n\t\t\t\t\t\t\t\t\t<p>Queremos voces que act\u00faen en las intersecciones: ciencia, saber ind\u00edgena, econom\u00eda, arte. Personas dispuestas a enfrentar preguntas esenciales: \u00bfes posible prosperar manteniendo los equilibrios que nos sustentan? \u00bfConseguimos actuar con la urgencia necesaria?  <\/p><p> <\/p><p><strong style=\"color: #eb0028;\">TEDxAmaz\u00f4nia 2026<\/strong> es una invitaci\u00f3n a afrontar lo que la interdependencia exige de nosotros: con responsabilidad, imaginaci\u00f3n y acci\u00f3n colectiva.<\/p>\t\t\t\t\t\t\t\t<\/div>\n\t\t\t\t<\/div>\n\t\t<div class=\"elementor-element elementor-element-25c088e e-con-full e-grid e-con e-child\" data-id=\"25c088e\" data-element_type=\"container\" data-e-type=\"container\">\n\t\t\t\t<div class=\"elementor-element elementor-element-53c04be elementor-mobile-align-center elementor-widget elementor-widget-button\" data-id=\"53c04be\" data-element_type=\"widget\" data-e-type=\"widget\" data-widget_type=\"button.default\">\n\t\t\t\t<div class=\"elementor-widget-container\">\n\t\t\t\t\t\t\t\t\t<div class=\"elementor-button-wrapper\">\n\t\t\t\t\t<a class=\"elementor-button elementor-button-link elementor-size-sm\" href=\"https:\/\/tedxamazonia.com\/es\/ponte-en-contacto-con\/\">\n\t\t\t\t\t\t<span class=\"elementor-button-content-wrapper\">\n\t\t\t\t\t\t\t\t\t<span class=\"elementor-button-text\">Quiero apoyar<\/span>\n\t\t\t\t\t<\/span>\n\t\t\t\t\t<\/a>\n\t\t\t\t<\/div>\n\t\t\t\t\t\t\t\t<\/div>\n\t\t\t\t<\/div>\n\t\t\t\t<\/div>\n\t\t\t\t\t<\/div>\n\t\t\t\t<\/div>\n\t\t<div class=\"elementor-element elementor-element-c373281 e-flex e-con-boxed e-con e-parent\" data-id=\"c373281\" data-element_type=\"container\" data-e-type=\"container\" data-settings=\"{&quot;background_background&quot;:&quot;classic&quot;}\">\n\t\t\t\t\t<div class=\"e-con-inner\">\n\t\t<div class=\"elementor-element elementor-element-4a54cab e-con-full e-flex e-con e-child\" data-id=\"4a54cab\" data-element_type=\"container\" data-e-type=\"container\">\n\t\t\t\t<div class=\"elementor-element elementor-element-986ca57 elementor-widget__width-initial elementor-widget-mobile__width-inherit elementor-widget elementor-widget-text-editor\" data-id=\"986ca57\" data-element_type=\"widget\" data-e-type=\"widget\" data-widget_type=\"text-editor.default\">\n\t\t\t\t<div class=\"elementor-widget-container\">\n\t\t\t\t\t\t\t\t\t<p>Informaci\u00f3n sobre las inscripciones para el p\u00fablico.<\/p>\t\t\t\t\t\t\t\t<\/div>\n\t\t\t\t<\/div>\n\t\t\t\t<div class=\"elementor-element elementor-element-b29a999 elementor-widget__width-initial elementor-widget-mobile__width-inherit elementor-widget elementor-widget-text-editor\" data-id=\"b29a999\" data-element_type=\"widget\" data-e-type=\"widget\" data-widget_type=\"text-editor.default\">\n\t\t\t\t<div class=\"elementor-widget-container\">\n\t\t\t\t\t\t\t\t\t<p>El proceso se realizar\u00e1 en dos etapas:<\/p><p><strong>Del 24 de marzo al 7 de abril<\/strong> \u2014 Preinscripciones.<br><strong>A partir del 20 de abril<\/strong> \u2014 Publicaci\u00f3n de las personas preseleccionadas e inscripciones oficiales<\/p><p>Las actualizaciones se comunicar\u00e1n a trav\u00e9s de nuestros canales oficiales y del correo electr\u00f3nico facilitado en el momento de la preinscripci\u00f3n.<\/p>\t\t\t\t\t\t\t\t<\/div>\n\t\t\t\t<\/div>\n\t\t\t\t<div class=\"elementor-element elementor-element-a4e32d8 elementor-mobile-align-center elementor-align-left elementor-widget elementor-widget-button\" data-id=\"a4e32d8\" data-element_type=\"widget\" data-e-type=\"widget\" data-widget_type=\"button.default\">\n\t\t\t\t<div class=\"elementor-widget-container\">\n\t\t\t\t\t\t\t\t\t<div class=\"elementor-button-wrapper\">\n\t\t\t\t\t<a class=\"elementor-button elementor-button-link elementor-size-sm\" href=\"https:\/\/airtable.com\/appsg61HKoVMD180H\/shrHcN43DjtVbgMsv\">\n\t\t\t\t\t\t<span class=\"elementor-button-content-wrapper\">\n\t\t\t\t\t\t\t\t\t<span class=\"elementor-button-text\">Forme parte del p\u00fablico<\/span>\n\t\t\t\t\t<\/span>\n\t\t\t\t\t<\/a>\n\t\t\t\t<\/div>\n\t\t\t\t\t\t\t\t<\/div>\n\t\t\t\t<\/div>\n\t\t\t\t<\/div>\n\t\t\t\t\t<\/div>\n\t\t\t\t<\/div>\n\t\t\t\t<\/div>\n\t\t","protected":false},"excerpt":{"rendered":"<p>TEDxAmaz\u00f4nia 2026 Donde Todo Conecta Las ediciones anteriores de TEDxAmaz\u00f4nia reunieron voces, reconectaron ancestralidades y comenzaron a recuperar futuros posibles. En 2026, este movimiento cruza fronteras. Por primera vez, el TEDxAmaz\u00f4nia traspasa Brasil y llega a Ecuador, en colaboraci\u00f3n con TEDxQuito \u2014un gesto in\u00e9dito dentro de la red global de TEDx\u2014. Es la Amazon\u00eda reconoci\u00e9ndose [&hellip;]<\/p>\n","protected":false},"author":4,"featured_media":0,"parent":0,"menu_order":0,"comment_status":"closed","ping_status":"closed","template":"","meta":{"_acf_changed":false,"footnotes":""},"class_list":["post-6315","page","type-page","status-publish","hentry"],"acf":[],"yoast_head":"<!-- This site is optimized with the Yoast SEO plugin v27.2 - https:\/\/yoast.com\/product\/yoast-seo-wordpress\/ -->\n<title>Donde todo se conecta - TEDxAmaz\u00f4nia<\/title>\n<meta name=\"robots\" content=\"index, follow, max-snippet:-1, max-image-preview:large, max-video-preview:-1\" \/>\n<link rel=\"canonical\" href=\"https:\/\/tedxamazonia.com\/es\/donde-todo-conecta\/\" \/>\n<meta property=\"og:locale\" content=\"es_ES\" \/>\n<meta property=\"og:type\" content=\"article\" \/>\n<meta property=\"og:title\" content=\"Donde todo se conecta - TEDxAmaz\u00f4nia\" \/>\n<meta property=\"og:description\" content=\"TEDxAmaz\u00f4nia 2026 Donde Todo Conecta Las ediciones anteriores de TEDxAmaz\u00f4nia reunieron voces, reconectaron ancestralidades y comenzaron a recuperar futuros posibles. En 2026, este movimiento cruza fronteras. Por primera vez, el TEDxAmaz\u00f4nia traspasa Brasil y llega a Ecuador, en colaboraci\u00f3n con TEDxQuito \u2014un gesto in\u00e9dito dentro de la red global de TEDx\u2014. Es la Amazon\u00eda reconoci\u00e9ndose [&hellip;]\" \/>\n<meta property=\"og:url\" content=\"https:\/\/tedxamazonia.com\/es\/donde-todo-conecta\/\" \/>\n<meta property=\"og:site_name\" content=\"TEDxAmaz\u00f4nia\" \/>\n<meta property=\"article:modified_time\" content=\"2026-04-11T03:06:07+00:00\" \/>\n<meta name=\"twitter:card\" content=\"summary_large_image\" \/>\n<meta name=\"twitter:label1\" content=\"Tiempo de lectura\" \/>\n\t<meta name=\"twitter:data1\" content=\"2 minutos\" \/>\n<script type=\"application\/ld+json\" class=\"yoast-schema-graph\">{\"@context\":\"https:\/\/schema.org\",\"@graph\":[{\"@type\":\"WebPage\",\"@id\":\"https:\/\/tedxamazonia.com\/es\/donde-todo-conecta\/\",\"url\":\"https:\/\/tedxamazonia.com\/es\/donde-todo-conecta\/\",\"name\":\"Donde todo se conecta - TEDxAmaz\u00f4nia\",\"isPartOf\":{\"@id\":\"https:\/\/tedxamazonia.com\/es\/#website\"},\"datePublished\":\"2026-03-04T00:31:20+00:00\",\"dateModified\":\"2026-04-11T03:06:07+00:00\",\"breadcrumb\":{\"@id\":\"https:\/\/tedxamazonia.com\/es\/donde-todo-conecta\/#breadcrumb\"},\"inLanguage\":\"es\",\"potentialAction\":[{\"@type\":\"ReadAction\",\"target\":[\"https:\/\/tedxamazonia.com\/es\/donde-todo-conecta\/\"]}]},{\"@type\":\"BreadcrumbList\",\"@id\":\"https:\/\/tedxamazonia.com\/es\/donde-todo-conecta\/#breadcrumb\",\"itemListElement\":[{\"@type\":\"ListItem\",\"position\":1,\"name\":\"Home\",\"item\":\"https:\/\/tedxamazonia.com\/es\/inicio-2026\/\"},{\"@type\":\"ListItem\",\"position\":2,\"name\":\"Donde todo se conecta\"}]},{\"@type\":\"WebSite\",\"@id\":\"https:\/\/tedxamazonia.com\/es\/#website\",\"url\":\"https:\/\/tedxamazonia.com\/es\/\",\"name\":\"TEDxAmaz\u00f4nia\",\"description\":\"TEDxAmaz\u00f4nia 2025\",\"publisher\":{\"@id\":\"https:\/\/tedxamazonia.com\/es\/#organization\"},\"potentialAction\":[{\"@type\":\"SearchAction\",\"target\":{\"@type\":\"EntryPoint\",\"urlTemplate\":\"https:\/\/tedxamazonia.com\/es\/?s={search_term_string}\"},\"query-input\":{\"@type\":\"PropertyValueSpecification\",\"valueRequired\":true,\"valueName\":\"search_term_string\"}}],\"inLanguage\":\"es\"},{\"@type\":\"Organization\",\"@id\":\"https:\/\/tedxamazonia.com\/es\/#organization\",\"name\":\"TEDxAmaz\u00f4nia\",\"url\":\"https:\/\/tedxamazonia.com\/es\/\",\"logo\":{\"@type\":\"ImageObject\",\"inLanguage\":\"es\",\"@id\":\"https:\/\/tedxamazonia.com\/es\/#\/schema\/logo\/image\/\",\"url\":\"https:\/\/tedxamazonia.com\/wp-content\/uploads\/2024\/07\/favicon.png\",\"contentUrl\":\"https:\/\/tedxamazonia.com\/wp-content\/uploads\/2024\/07\/favicon.png\",\"width\":234,\"height\":232,\"caption\":\"TEDxAmaz\u00f4nia\"},\"image\":{\"@id\":\"https:\/\/tedxamazonia.com\/es\/#\/schema\/logo\/image\/\"}}]}<\/script>\n<!-- \/ Yoast SEO plugin. -->","yoast_head_json":{"title":"Donde todo se conecta - TEDxAmaz\u00f4nia","robots":{"index":"index","follow":"follow","max-snippet":"max-snippet:-1","max-image-preview":"max-image-preview:large","max-video-preview":"max-video-preview:-1"},"canonical":"https:\/\/tedxamazonia.com\/es\/donde-todo-conecta\/","og_locale":"es_ES","og_type":"article","og_title":"Donde todo se conecta - TEDxAmaz\u00f4nia","og_description":"TEDxAmaz\u00f4nia 2026 Donde Todo Conecta Las ediciones anteriores de TEDxAmaz\u00f4nia reunieron voces, reconectaron ancestralidades y comenzaron a recuperar futuros posibles. En 2026, este movimiento cruza fronteras. Por primera vez, el TEDxAmaz\u00f4nia traspasa Brasil y llega a Ecuador, en colaboraci\u00f3n con TEDxQuito \u2014un gesto in\u00e9dito dentro de la red global de TEDx\u2014. Es la Amazon\u00eda reconoci\u00e9ndose [&hellip;]","og_url":"https:\/\/tedxamazonia.com\/es\/donde-todo-conecta\/","og_site_name":"TEDxAmaz\u00f4nia","article_modified_time":"2026-04-11T03:06:07+00:00","twitter_card":"summary_large_image","twitter_misc":{"Tiempo de lectura":"2 minutos"},"schema":{"@context":"https:\/\/schema.org","@graph":[{"@type":"WebPage","@id":"https:\/\/tedxamazonia.com\/es\/donde-todo-conecta\/","url":"https:\/\/tedxamazonia.com\/es\/donde-todo-conecta\/","name":"Donde todo se conecta - TEDxAmaz\u00f4nia","isPartOf":{"@id":"https:\/\/tedxamazonia.com\/es\/#website"},"datePublished":"2026-03-04T00:31:20+00:00","dateModified":"2026-04-11T03:06:07+00:00","breadcrumb":{"@id":"https:\/\/tedxamazonia.com\/es\/donde-todo-conecta\/#breadcrumb"},"inLanguage":"es","potentialAction":[{"@type":"ReadAction","target":["https:\/\/tedxamazonia.com\/es\/donde-todo-conecta\/"]}]},{"@type":"BreadcrumbList","@id":"https:\/\/tedxamazonia.com\/es\/donde-todo-conecta\/#breadcrumb","itemListElement":[{"@type":"ListItem","position":1,"name":"Home","item":"https:\/\/tedxamazonia.com\/es\/inicio-2026\/"},{"@type":"ListItem","position":2,"name":"Donde todo se conecta"}]},{"@type":"WebSite","@id":"https:\/\/tedxamazonia.com\/es\/#website","url":"https:\/\/tedxamazonia.com\/es\/","name":"TEDxAmaz\u00f4nia","description":"TEDxAmaz\u00f4nia 2025","publisher":{"@id":"https:\/\/tedxamazonia.com\/es\/#organization"},"potentialAction":[{"@type":"SearchAction","target":{"@type":"EntryPoint","urlTemplate":"https:\/\/tedxamazonia.com\/es\/?s={search_term_string}"},"query-input":{"@type":"PropertyValueSpecification","valueRequired":true,"valueName":"search_term_string"}}],"inLanguage":"es"},{"@type":"Organization","@id":"https:\/\/tedxamazonia.com\/es\/#organization","name":"TEDxAmaz\u00f4nia","url":"https:\/\/tedxamazonia.com\/es\/","logo":{"@type":"ImageObject","inLanguage":"es","@id":"https:\/\/tedxamazonia.com\/es\/#\/schema\/logo\/image\/","url":"https:\/\/tedxamazonia.com\/wp-content\/uploads\/2024\/07\/favicon.png","contentUrl":"https:\/\/tedxamazonia.com\/wp-content\/uploads\/2024\/07\/favicon.png","width":234,"height":232,"caption":"TEDxAmaz\u00f4nia"},"image":{"@id":"https:\/\/tedxamazonia.com\/es\/#\/schema\/logo\/image\/"}}]}},"_links":{"self":[{"href":"https:\/\/tedxamazonia.com\/es\/wp-json\/wp\/v2\/pages\/6315","targetHints":{"allow":["GET"]}}],"collection":[{"href":"https:\/\/tedxamazonia.com\/es\/wp-json\/wp\/v2\/pages"}],"about":[{"href":"https:\/\/tedxamazonia.com\/es\/wp-json\/wp\/v2\/types\/page"}],"author":[{"embeddable":true,"href":"https:\/\/tedxamazonia.com\/es\/wp-json\/wp\/v2\/users\/4"}],"replies":[{"embeddable":true,"href":"https:\/\/tedxamazonia.com\/es\/wp-json\/wp\/v2\/comments?post=6315"}],"version-history":[{"count":20,"href":"https:\/\/tedxamazonia.com\/es\/wp-json\/wp\/v2\/pages\/6315\/revisions"}],"predecessor-version":[{"id":7611,"href":"https:\/\/tedxamazonia.com\/es\/wp-json\/wp\/v2\/pages\/6315\/revisions\/7611"}],"wp:attachment":[{"href":"https:\/\/tedxamazonia.com\/es\/wp-json\/wp\/v2\/media?parent=6315"}],"curies":[{"name":"wp","href":"https:\/\/api.w.org\/{rel}","templated":true}]}}